{"id":64,"date":"2022-03-29T09:20:51","date_gmt":"2022-03-29T07:20:51","guid":{"rendered":"https:\/\/imfaco.umh.es\/?page_id=64"},"modified":"2022-06-14T21:43:38","modified_gmt":"2022-06-14T19:43:38","slug":"programme","status":"publish","type":"page","link":"https:\/\/imfaco.umh.es\/ca\/programme\/","title":{"rendered":"<span lang=\"es\">(Espa\u00f1ol) PROGRAM<\/span>"},"content":{"rendered":"<p>[et_pb_section fb_built=&#8221;1&#8243; _builder_version=&#8221;4.2.2&#8243; background_image=&#8221;https:\/\/imfaco.umh.es\/files\/2022\/03\/1-1.jpg&#8221; height=&#8221;300px&#8221; height_tablet=&#8221;&#8221; height_phone=&#8221;&#8221; height_last_edited=&#8221;on|phone&#8221; locked=&#8221;off&#8221;][et_pb_row _builder_version=&#8221;4.2.2&#8243;][et_pb_column type=&#8221;4_4&#8243; _builder_version=&#8221;4.2.2&#8243;][et_pb_text _builder_version=&#8221;4.2.2&#8243; text_font=&#8221;||||||||&#8221; text_text_color=&#8221;#ffffff&#8221; header_text_color=&#8221;#000000&#8243; use_background_color_gradient=&#8221;on&#8221; background_color_gradient_start=&#8221;rgba(0,0,0,0.5)&#8221; background_color_gradient_end=&#8221;rgba(0,0,0,0.5)&#8221; text_orientation=&#8221;center&#8221; background_layout=&#8221;dark&#8221; max_width=&#8221;60%&#8221; module_alignment=&#8221;center&#8221; custom_padding=&#8221;2px|||||&#8221;]<\/p>\n<h1><span style=\"color: #ffffff\">International Meeting on Functional Analysis and Continuous Optimization<\/span><\/h1>\n<h1 style=\"text-align: center\"><\/h1>\n<p>[\/et_pb_text][\/et_pb_column][\/et_pb_row][\/et_pb_section][et_pb_section fb_built=&#8221;1&#8243; fullwidth=&#8221;on&#8221; _builder_version=&#8221;4.2.2&#8243; locked=&#8221;off&#8221;][et_pb_fullwidth_menu menu_id=&#8221;343817&#8243; active_link_color=&#8221;#ffffff&#8221; _builder_version=&#8221;4.2.2&#8243; background_color=&#8221;#028ee0&#8243; text_orientation=&#8221;center&#8221; background_layout=&#8221;dark&#8221;][\/et_pb_fullwidth_menu][\/et_pb_section][et_pb_section fb_built=&#8221;1&#8243; _builder_version=&#8221;4.2.2&#8243; locked=&#8221;off&#8221;][et_pb_row _builder_version=&#8221;4.2.2&#8243;][et_pb_column type=&#8221;4_4&#8243; _builder_version=&#8221;4.2.2&#8243;][et_pb_text _builder_version=&#8221;4.2.2&#8243;]<\/p>\n<p><span style=\"font-weight: 400\">June 16 (Thursday)<\/span><\/p>\n<p><span style=\"font-weight: 400\">09:00-09:45<\/span> <span style=\"font-weight: 400\">Registration<\/span><\/p>\n<p><span style=\"font-weight: 400\">09:45-10:00 Opening<\/span><\/p>\n<p><span style=\"font-weight: 400\">10:00-10:45<\/span> <a href=\"https:\/\/imfaco.umh.es\/files\/2022\/04\/Abstract_JBonet_Elche_2022.pdf\"><span style=\"font-weight: 400\">Jos\u00e9<\/span><span style=\"font-weight: 400\"> Bonet<\/span><\/a><\/p>\n<p><span style=\"font-weight: 400\">10:45-11:30<\/span> <a href=\"https:\/\/imfaco.umh.es\/files\/2022\/04\/Lopez-Marco-Antonio.pdf\"><span style=\"font-weight: 400\">Marco Antonio<\/span><span style=\"font-weight: 400\"> L\u00f3pez Cerd\u00e1<\/span><\/a><\/p>\n<p><span style=\"font-weight: 400\">11:30-12:00<\/span> <span style=\"font-weight: 400\">Coffee break<\/span><span style=\"font-weight: 400\">\/Poster session<\/span><\/p>\n<p><span style=\"font-weight: 400\">12:00-12:45<\/span> <a href=\"https:\/\/imfaco.umh.es\/files\/2022\/04\/Spain_2022_abstract.pdf\"><span style=\"font-weight: 400\">Arkady<\/span><span style=\"font-weight: 400\"> Leiderman<\/span><\/a><\/p>\n<p><span style=\"font-weight: 400\">12:45-13:30<\/span> <a href=\"https:\/\/imfaco.umh.es\/files\/2022\/04\/Elche-talk-June-16-2022.pdf\"><span style=\"font-weight: 400\">Gerald<\/span><span style=\"font-weight: 400\"> Beer<\/span><\/a><\/p>\n<p><span style=\"font-weight: 400\">13:30-15:30<\/span> <span style=\"font-weight: 400\">Lunch<\/span><\/p>\n<p><span style=\"font-weight: 400\">15:30-16:15<\/span> <a href=\"https:\/\/imfaco.umh.es\/files\/2022\/04\/Abstract_Aussenhofer.pdf\"><span style=\"font-weight: 400\">Lydia<\/span><span style=\"font-weight: 400\"> Au\u00dfenhofer<\/span><\/a><\/p>\n<p><span style=\"font-weight: 400\">16:15-17:00<\/span> <a href=\"https:\/\/imfaco.umh.es\/files\/2022\/04\/Gfrerer-Helmut.pdf\"><span style=\"font-weight: 400\">Helmut<\/span><span style=\"font-weight: 400\"> Gfrerer<\/span><\/a><\/p>\n<p><span style=\"font-weight: 400\">17:00-17:30<\/span> <span style=\"font-weight: 400\">Coffee break<\/span><span style=\"font-weight: 400\">\/Poster session<\/span><\/p>\n<p><span style=\"font-weight: 400\">17:30-18:15<\/span> <a href=\"https:\/\/imfaco.umh.es\/files\/2022\/05\/abstract-1.pdf\"><span style=\"font-weight: 400\">Agnieszka Ziemkowska-Siwek\u00a0<\/span><\/a><\/p>\n<p><span style=\"font-weight: 400\">18:15-18:45 <\/span><span style=\"font-weight: 400\"><a href=\"https:\/\/imfaco.umh.es\/files\/2022\/06\/Abstract-Lopez-Pellicer.pdf\">Manuel L\u00f3pez Pellicer<\/a>\u00a0<\/span><\/p>\n<p><span style=\"font-weight: 400\">19:00-20:00<\/span> <span style=\"font-weight: 400\">Guided tour to Elche<\/span><\/p>\n<p><span style=\"font-weight: 400\">20:30<\/span>\u00a0Conference\u00a0<span style=\"font-weight: 400\">Dinner (<a href=\"https:\/\/www.google.com\/maps\/place\/Hotel+Huerto+del+Cura\/@38.2634266,-0.6919519,321m\/data=!3m1!1e3!4m8!3m7!1s0x0:0x1d540f5e6a3fec43!5m2!4m1!1i2!8m2!3d38.2637508!4d-0.6922252\">Hotel Huerto del Cura<\/a>)<\/span><\/p>\n<p>&nbsp;<\/p>\n<p><span style=\"font-weight: 400\">June 17 (Friday)<\/span><\/p>\n<p><span style=\"font-weight: 400\">09:00-09:45<\/span> <a href=\"https:\/\/imfaco.umh.es\/files\/2022\/04\/Boris-Mordukhovich-.pdf\"><span style=\"font-weight: 400\">Boris<\/span><span style=\"font-weight: 400\"> Mordukhovich<\/span><\/a><\/p>\n<p><span style=\"font-weight: 400\">09:45-10:30<\/span> <a href=\"https:\/\/imfaco.umh.es\/files\/2022\/03\/KakolAbstract-Elche-2022.pdf\"><span style=\"font-weight: 400\">Jerzy<\/span><span style=\"font-weight: 400\"> Kakol<\/span><\/a><\/p>\n<p><span style=\"font-weight: 400\">10:30-11:00 Coffe break<\/span><span style=\"font-weight: 400\">\/Poster session<\/span><\/p>\n<p><span style=\"font-weight: 400\">11:00-11:45\u00a0 <\/span><a href=\"https:\/\/imfaco.umh.es\/files\/2022\/04\/Klatte-Diethard.pdf\"><span style=\"font-weight: 400\">Diethard<\/span><span style=\"font-weight: 400\"> Klatte\u00a0<\/span><\/a><\/p>\n<p><span style=\"font-weight: 400\">11:45-12:30<\/span> <a href=\"https:\/\/imfaco.umh.es\/files\/2022\/05\/Martin-Peinador_Abstract_Elche.pdf\"><span style=\"font-weight: 400\">Elena<\/span><span style=\"font-weight: 400\"> Mart\u00edn Peinador\u00a0<\/span><\/a><\/p>\n<p><span style=\"font-weight: 400\">12:30-12:45<\/span> <span style=\"font-weight: 400\">Pause<\/span><\/p>\n<p><span style=\"font-weight: 400\">12:45-13:30<\/span> <a href=\"https:\/\/imfaco.umh.es\/files\/2022\/06\/AbstractNuevoMartinez_Legaz.pdf\"><span style=\"font-weight: 400\">Juan Enrique<\/span><span style=\"font-weight: 400\"> Mart\u00ednez Legaz<\/span><\/a><\/p>\n<p><span style=\"font-weight: 400\">13:30-15:30<\/span> <span style=\"font-weight: 400\">Lunch<\/span><\/p>\n<p><span style=\"font-weight: 400\">15:30-16:15<\/span> <a href=\"https:\/\/imfaco.umh.es\/files\/2022\/05\/Abstract.pdf\"><span style=\"font-weight: 400\">Saak<\/span><span style=\"font-weight: 400\"> Gabriyelyan<\/span><\/a><\/p>\n<p><span style=\"font-weight: 400\">16:15-17:00<\/span> <a href=\"https:\/\/prometeodatos.umh.es\/files\/2022\/05\/Abstract_IMFACO2022_Lidia-Huerga.pdf\"><span style=\"font-weight: 400\">Lidia<\/span><span style=\"font-weight: 400\"> Huerga<\/span><\/a><\/p>\n<p><span style=\"font-weight: 400\">17:00-17:30<\/span> <span style=\"font-weight: 400\">Coffee break<\/span><span style=\"font-weight: 400\">\/Poster session<\/span><\/p>\n<p><span style=\"font-weight: 400\">17:30-18:15<\/span> <a href=\"https:\/\/imfaco.umh.es\/files\/2022\/04\/abstract-Elche-2022.pdf\"><span style=\"font-weight: 400\">Mar\u00eda Jes\u00fas Chasco<\/span><\/a><\/p>\n<p><span style=\"font-weight: 400\">18:30-19:15<\/span>\u00a0<span style=\"font-weight: 400\">Tourist train<\/span><\/p>\n<p><span style=\"font-weight: 400\">20:30<\/span> <span style=\"font-weight: 400\">Dinner (<a href=\"https:\/\/www.google.com\/maps\/place\/Mar+i+Merlot\/@38.2665571,-0.6988318,19.79z\/data=!4m5!3m4!1s0xd63b6f37a2b496d:0x29ae3af40d09b6a6!8m2!3d38.2666103!4d-0.69835\">Mar i merlot<\/a>)<\/span><\/p>\n<p>[\/et_pb_text][\/et_pb_column][\/et_pb_row][\/et_pb_section]<\/p>\n","protected":false},"excerpt":{"rendered":"<p>International Meeting on Functional Analysis and Continuous Optimization June 16 (Thursday) 09:00-09:45 Registration 09:45-10:00 Opening 10:00-10:45 Jos\u00e9 Bonet 10:45-11:30 Marco Antonio L\u00f3pez Cerd\u00e1 11:30-12:00 Coffee break\/Poster session 12:00-12:45 Arkady Leiderman 12:45-13:30 Gerald Beer 13:30-15:30 Lunch 15:30-16:15 Lydia Au\u00dfenhofer 16:15-17:00 Helmut Gfrerer 17:00-17:30 Coffee break\/Poster session 17:30-18:15 Agnieszka Ziemkowska-Siwek\u00a0 18:15-18:45 Manuel L\u00f3pez Pellicer\u00a0 19:00-20:00 Guided tour [&hellip;]<\/p>\n","protected":false},"author":17725,"featured_media":0,"parent":0,"menu_order":0,"comment_status":"closed","ping_status":"closed","template":"","meta":{"_et_pb_use_builder":"on","_et_pb_old_content":"","_et_gb_content_width":"","_links_to":"","_links_to_target":""},"_links":{"self":[{"href":"https:\/\/imfaco.umh.es\/ca\/wp-json\/wp\/v2\/pages\/64"}],"collection":[{"href":"https:\/\/imfaco.umh.es\/ca\/wp-json\/wp\/v2\/pages"}],"about":[{"href":"https:\/\/imfaco.umh.es\/ca\/wp-json\/wp\/v2\/types\/page"}],"author":[{"embeddable":true,"href":"https:\/\/imfaco.umh.es\/ca\/wp-json\/wp\/v2\/users\/17725"}],"replies":[{"embeddable":true,"href":"https:\/\/imfaco.umh.es\/ca\/wp-json\/wp\/v2\/comments?post=64"}],"version-history":[{"count":0,"href":"https:\/\/imfaco.umh.es\/ca\/wp-json\/wp\/v2\/pages\/64\/revisions"}],"wp:attachment":[{"href":"https:\/\/imfaco.umh.es\/ca\/wp-json\/wp\/v2\/media?parent=64"}],"curies":[{"name":"wp","href":"https:\/\/api.w.org\/{rel}","templated":true}]}}