{"id":94,"date":"2022-03-29T09:27:58","date_gmt":"2022-03-29T07:27:58","guid":{"rendered":"https:\/\/imfaco.umh.es\/?page_id=94"},"modified":"2022-03-29T13:15:33","modified_gmt":"2022-03-29T11:15:33","slug":"borrador-automatico","status":"publish","type":"page","link":"https:\/\/imfaco.umh.es\/ca\/conference\/borrador-automatico\/","title":{"rendered":"Borrador autom\u00e1tico"},"content":{"rendered":"<p>[et_pb_section fb_built=&#8221;1&#8243; _builder_version=&#8221;4.2.2&#8243; background_image=&#8221;https:\/\/imfaco.umh.es\/files\/2022\/03\/1-1.jpg&#8221; height=&#8221;300px&#8221; height_tablet=&#8221;&#8221; height_phone=&#8221;&#8221; height_last_edited=&#8221;on|phone&#8221; locked=&#8221;off&#8221;][et_pb_row _builder_version=&#8221;4.2.2&#8243;][et_pb_column type=&#8221;4_4&#8243; _builder_version=&#8221;4.2.2&#8243;][et_pb_text _builder_version=&#8221;4.2.2&#8243; text_font=&#8221;||||||||&#8221; text_text_color=&#8221;#ffffff&#8221; header_text_color=&#8221;#000000&#8243; use_background_color_gradient=&#8221;on&#8221; background_color_gradient_start=&#8221;rgba(0,0,0,0.5)&#8221; background_color_gradient_end=&#8221;rgba(0,0,0,0.5)&#8221; text_orientation=&#8221;center&#8221; background_layout=&#8221;dark&#8221; max_width=&#8221;60%&#8221; module_alignment=&#8221;center&#8221; custom_padding=&#8221;3px|||||&#8221;]<\/p>\n<h1><span style=\"color: #ffffff\">International Meeting on Functional Analysis and Continuous Optimization<\/span><\/h1>\n<p>[\/et_pb_text][\/et_pb_column][\/et_pb_row][\/et_pb_section][et_pb_section fb_built=&#8221;1&#8243; fullwidth=&#8221;on&#8221; _builder_version=&#8221;4.2.2&#8243; locked=&#8221;off&#8221;][et_pb_fullwidth_menu menu_id=&#8221;343817&#8243; active_link_color=&#8221;#ffffff&#8221; _builder_version=&#8221;4.2.2&#8243; background_color=&#8221;#028ee0&#8243; text_orientation=&#8221;center&#8221; background_layout=&#8221;dark&#8221;][\/et_pb_fullwidth_menu][\/et_pb_section][et_pb_section fb_built=&#8221;1&#8243; _builder_version=&#8221;4.2.2&#8243; locked=&#8221;off&#8221;][et_pb_row _builder_version=&#8221;4.2.2&#8243;][et_pb_column type=&#8221;4_4&#8243; _builder_version=&#8221;4.2.2&#8243;][et_pb_text _builder_version=&#8221;4.2.2&#8243; hover_enabled=&#8221;0&#8243;]<\/p>\n<p><b>Scientific Committee<\/b><\/p>\n<p><span style=\"font-weight: 400\">(1) Mar\u00eda Josefa C\u00e1novas C\u00e1novas, Universidad Miguel Hern\u00e1ndez (Spain)<\/span><\/p>\n<p><span style=\"font-weight: 400\">(2) Jerzy Kakol, Adam Mickiewicz University, Poznan (Poland)<\/span><\/p>\n<p><span style=\"font-weight: 400\">(3) Marco Antonio L\u00f3pez Cerd\u00e1, Universidad de Alicante, Alicante (Spain)<\/span><\/p>\n<p><span style=\"font-weight: 400\">(4) Manuel L\u00f3pez Pellicer, Universidad Polit\u00e9cnica de Valencia, Valencia (Spain)<\/span><\/p>\n<p><span style=\"font-weight: 400\">(5) Elena Mart\u00edn Peinador, Universidad Complutense, Madrid (Spain)<\/span><\/p>\n<p><span style=\"font-weight: 400\">(6) Agnieszka Ziemkowska-Siwek, Poznan University of Technology, Poznan (Poland)<\/span><\/p>\n<p>&nbsp;<\/p>\n<p><b>Organizing Committee<\/b><\/p>\n<p><span style=\"font-weight: 400\">(1) Jos\u00e9 Mar\u00eda Amig\u00f3 Garc\u00eda, <\/span><span style=\"font-weight: 400\">Universidad<\/span><span style=\"font-weight: 400\"> Miguel Hern\u00e1ndez, Elche (Spain)<\/span><\/p>\n<p><span style=\"font-weight: 400\">(2) Jes\u00fas Camacho Moro, <\/span><span style=\"font-weight: 400\">Universidad<\/span><span style=\"font-weight: 400\"> Miguel Hern\u00e1ndez, Elche (Spain)<\/span><\/p>\n<p><span style=\"font-weight: 400\">(3) Mercedes Landete Ruiz, <\/span><span style=\"font-weight: 400\">Universidad<\/span><span style=\"font-weight: 400\"> Miguel Hern\u00e1ndez, Elche (Spain)<\/span><\/p>\n<p><span style=\"font-weight: 400\">(4) Ana Meca Mart\u00ednez, <\/span><span style=\"font-weight: 400\">Universidad<\/span><span style=\"font-weight: 400\"> Miguel Hern\u00e1ndez, Elche (Spain)<\/span><\/p>\n<p><span style=\"font-weight: 400\">(5) Juan Parra L\u00f3pez, <\/span><span style=\"font-weight: 400\">Universidad<\/span><span style=\"font-weight: 400\"> Miguel Hern\u00e1ndez, Elche (Spain)<\/span><\/p>\n<p><span style=\"font-weight: 400\">(6) Mar\u00eda del Carmen Perea Marco, <\/span><span style=\"font-weight: 400\">Universidad<\/span><span style=\"font-weight: 400\"> Miguel Hern\u00e1ndez, Elche (Spain)<\/span><\/p>\n<p><span style=\"font-weight: 400\">(7) Jos\u00e9 Valero Cuadra, <\/span><span style=\"font-weight: 400\">Universidad<\/span><span style=\"font-weight: 400\"> Miguel Hern\u00e1ndez, Elche (Spain)<\/span><\/p>\n<p>[\/et_pb_text][\/et_pb_column][\/et_pb_row][\/et_pb_section]<\/p>\n","protected":false},"excerpt":{"rendered":"<p>International Meeting on Functional Analysis and Continuous OptimizationScientific Committee (1) Mar\u00eda Josefa C\u00e1novas C\u00e1novas, Universidad Miguel Hern\u00e1ndez (Spain) (2) Jerzy Kakol, Adam Mickiewicz University, Poznan (Poland) (3) Marco Antonio L\u00f3pez Cerd\u00e1, Universidad de Alicante, Alicante (Spain) (4) Manuel L\u00f3pez Pellicer, Universidad Polit\u00e9cnica de Valencia, Valencia (Spain) (5) Elena Mart\u00edn Peinador, Universidad Complutense, Madrid (Spain) (6) [&hellip;]<\/p>\n","protected":false},"author":17725,"featured_media":0,"parent":61,"menu_order":0,"comment_status":"closed","ping_status":"closed","template":"","meta":{"_et_pb_use_builder":"on","_et_pb_old_content":"","_et_gb_content_width":"","_links_to":"","_links_to_target":""},"_links":{"self":[{"href":"https:\/\/imfaco.umh.es\/ca\/wp-json\/wp\/v2\/pages\/94"}],"collection":[{"href":"https:\/\/imfaco.umh.es\/ca\/wp-json\/wp\/v2\/pages"}],"about":[{"href":"https:\/\/imfaco.umh.es\/ca\/wp-json\/wp\/v2\/types\/page"}],"author":[{"embeddable":true,"href":"https:\/\/imfaco.umh.es\/ca\/wp-json\/wp\/v2\/users\/17725"}],"replies":[{"embeddable":true,"href":"https:\/\/imfaco.umh.es\/ca\/wp-json\/wp\/v2\/comments?post=94"}],"version-history":[{"count":0,"href":"https:\/\/imfaco.umh.es\/ca\/wp-json\/wp\/v2\/pages\/94\/revisions"}],"up":[{"embeddable":true,"href":"https:\/\/imfaco.umh.es\/ca\/wp-json\/wp\/v2\/pages\/61"}],"wp:attachment":[{"href":"https:\/\/imfaco.umh.es\/ca\/wp-json\/wp\/v2\/media?parent=94"}],"curies":[{"name":"wp","href":"https:\/\/api.w.org\/{rel}","templated":true}]}}